{"id":2,"date":"2023-01-14T00:00:39","date_gmt":"2023-01-14T00:00:39","guid":{"rendered":"http:\/\/www.corpomontana.com\/congresocolombianosenderismo\/?page_id=2"},"modified":"2023-03-11T11:44:34","modified_gmt":"2023-03-11T11:44:34","slug":"sample-page","status":"publish","type":"page","link":"http:\/\/www.corpomontana.com\/congresocolombianosenderismo\/","title":{"rendered":"Home"},"content":{"rendered":"<p>[et_pb_section fb_built=\u00bb1&#8243; admin_label=\u00bbsection\u00bb _builder_version=\u00bb4.16&#8243; custom_padding=\u00bb0px||0px|||\u00bb global_colors_info=\u00bb{}\u00bb][\/et_pb_section][et_pb_section fb_built=\u00bb1&#8243; fullwidth=\u00bbon\u00bb disabled_on=\u00bbon|on|off\u00bb _builder_version=\u00bb4.18.0&#8243; _module_preset=\u00bbdefault\u00bb top_divider_style=\u00bbarrow3&#8243; top_divider_color=\u00bb#FFFFFF\u00bb top_divider_height=\u00bb53px\u00bb bottom_divider_style=\u00bbarrow3&#8243; bottom_divider_color=\u00bb#FFFFFF\u00bb bottom_divider_height=\u00bb58px\u00bb global_colors_info=\u00bb{}\u00bb][et_pb_fullwidth_slider _builder_version=\u00bb4.20.0&#8243; _module_preset=\u00bbdefault\u00bb min_height=\u00bb703.7px\u00bb custom_margin=\u00bb-1px|||||\u00bb custom_padding=\u00bb73px||73px|||\u00bb auto=\u00bbon\u00bb auto_speed=\u00bb6000&#8243; global_colors_info=\u00bb{}\u00bb][et_pb_slide _builder_version=\u00bb4.19.4&#8243; _module_preset=\u00bbdefault\u00bb background_image=\u00bbhttp:\/\/www.corpomontana.com\/congresocolombianosenderismo\/wp-content\/uploads\/2023\/02\/baner-catalanes-1.jpg\u00bb background_enable_image=\u00bbon\u00bb background_size=\u00bbcontain\u00bb global_colors_info=\u00bb{}\u00bb sticky_transition=\u00bbon\u00bb][\/et_pb_slide][et_pb_slide _builder_version=\u00bb4.20.0&#8243; _module_preset=\u00bbdefault\u00bb background_image=\u00bbhttp:\/\/www.corpomontana.com\/congresocolombianosenderismo\/wp-content\/uploads\/2023\/03\/baner-congreso.jpg\u00bb background_enable_image=\u00bbon\u00bb background_size=\u00bbcontain\u00bb global_colors_info=\u00bb{}\u00bb sticky_transition=\u00bbon\u00bb][\/et_pb_slide][et_pb_slide _builder_version=\u00bb4.19.4&#8243; _module_preset=\u00bbdefault\u00bb background_image=\u00bbhttp:\/\/www.corpomontana.com\/congresocolombianosenderismo\/wp-content\/uploads\/2023\/02\/baner-decatlon.jpg\u00bb background_enable_image=\u00bbon\u00bb background_size=\u00bbcontain\u00bb global_colors_info=\u00bb{}\u00bb sticky_transition=\u00bbon\u00bb][\/et_pb_slide][et_pb_slide _builder_version=\u00bb4.18.0&#8243; _module_preset=\u00bbdefault\u00bb background_image=\u00bbhttp:\/\/www.corpomontana.com\/congresocolombianosenderismo\/wp-content\/uploads\/2023\/01\/baner2-congreso-senderismo.jpg\u00bb background_enable_image=\u00bbon\u00bb background_size=\u00bbcontain\u00bb global_colors_info=\u00bb{}\u00bb sticky_transition=\u00bbon\u00bb][\/et_pb_slide][et_pb_slide heading=\u00bbInscripciones Abiertas\u00bb button_text=\u00bbAqu\u00ed\u00bb button_link=\u00bbhttps:\/\/forms.gle\/3TPjTwvSLjmbpzDA8&#8243; url_new_window=\u00bbon\u00bb _builder_version=\u00bb4.18.0&#8243; _module_preset=\u00bbdefault\u00bb header_font=\u00bb|700|||||||\u00bb background_image=\u00bbhttp:\/\/www.corpomontana.com\/congresocolombianosenderismo\/wp-content\/uploads\/2023\/01\/baner3-congreso-senderismo.jpg\u00bb background_enable_image=\u00bbon\u00bb background_size=\u00bbcontain\u00bb global_colors_info=\u00bb{}\u00bb sticky_transition=\u00bbon\u00bb][\/et_pb_slide][et_pb_slide _builder_version=\u00bb4.18.0&#8243; _module_preset=\u00bbdefault\u00bb background_image=\u00bbhttp:\/\/www.corpomontana.com\/congresocolombianosenderismo\/wp-content\/uploads\/2023\/01\/baner-congreso-senderismo2.jpg\u00bb background_enable_image=\u00bbon\u00bb background_size=\u00bbcontain\u00bb global_colors_info=\u00bb{}\u00bb sticky_transition=\u00bbon\u00bb][\/et_pb_slide][et_pb_slide _builder_version=\u00bb4.18.0&#8243; _module_preset=\u00bbdefault\u00bb background_image=\u00bbhttp:\/\/www.corpomontana.com\/congresocolombianosenderismo\/wp-content\/uploads\/2023\/01\/baner1-congreso-senderismo.jpg\u00bb background_enable_image=\u00bbon\u00bb background_size=\u00bbcontain\u00bb global_colors_info=\u00bb{}\u00bb sticky_transition=\u00bbon\u00bb][\/et_pb_slide][\/et_pb_fullwidth_slider][\/et_pb_section][et_pb_section fb_built=\u00bb1&#8243; fullwidth=\u00bbon\u00bb disabled_on=\u00bboff|off|on\u00bb _builder_version=\u00bb4.18.0&#8243; _module_preset=\u00bbdefault\u00bb top_divider_style=\u00bbarrow3&#8243; top_divider_color=\u00bb#FFFFFF\u00bb top_divider_height=\u00bb53px\u00bb bottom_divider_style=\u00bbarrow3&#8243; bottom_divider_color=\u00bb#FFFFFF\u00bb bottom_divider_height=\u00bb58px\u00bb global_colors_info=\u00bb{}\u00bb][et_pb_fullwidth_slider _builder_version=\u00bb4.20.0&#8243; _module_preset=\u00bbdefault\u00bb min_height=\u00bb703.7px\u00bb custom_margin=\u00bb-1px|||||\u00bb custom_padding=\u00bb73px||73px|||\u00bb auto=\u00bbon\u00bb auto_speed=\u00bb6000&#8243; global_colors_info=\u00bb{}\u00bb][et_pb_slide _builder_version=\u00bb4.19.4&#8243; _module_preset=\u00bbdefault\u00bb background_image=\u00bbhttp:\/\/www.corpomontana.com\/congresocolombianosenderismo\/wp-content\/uploads\/2023\/02\/baner-catalanes2-1.jpg\u00bb background_enable_image=\u00bbon\u00bb background_size=\u00bbcontain\u00bb global_colors_info=\u00bb{}\u00bb sticky_transition=\u00bbon\u00bb][\/et_pb_slide][et_pb_slide _builder_version=\u00bb4.20.0&#8243; _module_preset=\u00bbdefault\u00bb background_image=\u00bbhttp:\/\/www.corpomontana.com\/congresocolombianosenderismo\/wp-content\/uploads\/2023\/02\/congresosenderismo22.jpg\u00bb background_enable_image=\u00bbon\u00bb background_size=\u00bbcontain\u00bb global_colors_info=\u00bb{}\u00bb sticky_transition=\u00bbon\u00bb][\/et_pb_slide][et_pb_slide _builder_version=\u00bb4.19.4&#8243; _module_preset=\u00bbdefault\u00bb background_image=\u00bbhttp:\/\/www.corpomontana.com\/congresocolombianosenderismo\/wp-content\/uploads\/2023\/02\/baner-declaton.jpg\u00bb background_enable_image=\u00bbon\u00bb background_size=\u00bbcontain\u00bb global_colors_info=\u00bb{}\u00bb sticky_transition=\u00bbon\u00bb][\/et_pb_slide][et_pb_slide _builder_version=\u00bb4.18.0&#8243; _module_preset=\u00bbdefault\u00bb background_image=\u00bbhttp:\/\/www.corpomontana.com\/congresocolombianosenderismo\/wp-content\/uploads\/2023\/01\/congresosenderismo2.jpg\u00bb background_enable_image=\u00bbon\u00bb background_size=\u00bbcontain\u00bb global_colors_info=\u00bb{}\u00bb sticky_transition=\u00bbon\u00bb][\/et_pb_slide][et_pb_slide heading=\u00bbInscripciones Abiertas\u00bb button_text=\u00bbAqu\u00ed\u00bb button_link=\u00bbhttps:\/\/forms.gle\/3TPjTwvSLjmbpzDA8&#8243; url_new_window=\u00bbon\u00bb _builder_version=\u00bb4.18.0&#8243; _module_preset=\u00bbdefault\u00bb header_font=\u00bb|700|||||||\u00bb background_image=\u00bbhttp:\/\/www.corpomontana.com\/congresocolombianosenderismo\/wp-content\/uploads\/2023\/01\/congresosenderismo3.jpg\u00bb background_enable_image=\u00bbon\u00bb background_size=\u00bbcontain\u00bb global_colors_info=\u00bb{}\u00bb sticky_transition=\u00bbon\u00bb][\/et_pb_slide][et_pb_slide _builder_version=\u00bb4.18.0&#8243; _module_preset=\u00bbdefault\u00bb background_image=\u00bbhttp:\/\/www.corpomontana.com\/congresocolombianosenderismo\/wp-content\/uploads\/2023\/01\/congresosenderismo4.jpg\u00bb background_enable_image=\u00bbon\u00bb background_size=\u00bbcontain\u00bb global_colors_info=\u00bb{}\u00bb sticky_transition=\u00bbon\u00bb][\/et_pb_slide][et_pb_slide _builder_version=\u00bb4.18.0&#8243; _module_preset=\u00bbdefault\u00bb background_image=\u00bbhttp:\/\/www.corpomontana.com\/congresocolombianosenderismo\/wp-content\/uploads\/2023\/01\/congresosenderismo5.jpg\u00bb background_enable_image=\u00bbon\u00bb background_size=\u00bbcontain\u00bb global_colors_info=\u00bb{}\u00bb sticky_transition=\u00bbon\u00bb][\/et_pb_slide][\/et_pb_fullwidth_slider][\/et_pb_section][et_pb_section fb_built=\u00bb1&#8243; _builder_version=\u00bb4.18.0&#8243; _module_preset=\u00bbdefault\u00bb custom_padding=\u00bb4px||6px|||\u00bb global_colors_info=\u00bb{}\u00bb][et_pb_row _builder_version=\u00bb4.18.0&#8243; _module_preset=\u00bbdefault\u00bb custom_padding=\u00bb27px|||||\u00bb global_colors_info=\u00bb{}\u00bb][et_pb_column type=\u00bb4_4&#8243; _builder_version=\u00bb4.18.0&#8243; _module_preset=\u00bbdefault\u00bb global_colors_info=\u00bb{}\u00bb][et_pb_text _builder_version=\u00bb4.18.0&#8243; _module_preset=\u00bbdefault\u00bb animation_style=\u00bbfade\u00bb global_colors_info=\u00bb{}\u00bb]<\/p>\n<h1 style=\"text-align: center;\"><strong>I CONGRESO COLOMBIANO DE<\/strong><br \/><strong>SENDERISMO Y MONTA\u00d1A<\/strong><br \/><strong>RISARALDA 2023<\/strong><br \/>\u201cLos senderos como territorios de paz\u201d<\/h1>\n<p>[\/et_pb_text][\/et_pb_column][\/et_pb_row][\/et_pb_section][et_pb_section fb_built=\u00bb1&#8243; _builder_version=\u00bb4.18.0&#8243; _module_preset=\u00bbdefault\u00bb global_colors_info=\u00bb{}\u00bb][et_pb_row column_structure=\u00bb3_5,2_5&#8243; _builder_version=\u00bb4.18.0&#8243; _module_preset=\u00bbdefault\u00bb global_colors_info=\u00bb{}\u00bb][et_pb_column type=\u00bb3_5&#8243; _builder_version=\u00bb4.18.0&#8243; _module_preset=\u00bbdefault\u00bb global_colors_info=\u00bb{}\u00bb][et_pb_text _builder_version=\u00bb4.18.0&#8243; _module_preset=\u00bbdefault\u00bb text_font_size=\u00bb18px\u00bb animation_style=\u00bbslide\u00bb global_colors_info=\u00bb{}\u00bb]<\/p>\n<p style=\"text-align: justify;\">La Universidad Tecnol\u00f3gica de Pereira, Cotelco Risaralda, la Gobernaci\u00f3n de Risaralda Sentimiento de Todos, en alianza con la Liga Risaraldense de Monta\u00f1ismo y Escalada y la firma Colombian Adventure tienen el gusto de invitarlos a participar en el I Congreso Colombiano de Senderismo y Monta\u00f1a a celebrarse en la ciudad de Pereira los d\u00edas 16 y 17 de marzo del a\u00f1o 2023.<\/p>\n<p>[\/et_pb_text][\/et_pb_column][et_pb_column type=\u00bb2_5&#8243; _builder_version=\u00bb4.18.0&#8243; _module_preset=\u00bbdefault\u00bb global_colors_info=\u00bb{}\u00bb][et_pb_image src=\u00bbhttp:\/\/www.corpomontana.com\/congresocolombianosenderismo\/wp-content\/uploads\/2023\/01\/congreso-senderismo.jpg\u00bb alt=\u00bbsenderos como territorios de paz\u00bb title_text=\u00bbcongreso-senderismo\u00bb align=\u00bbcenter\u00bb _builder_version=\u00bb4.18.0&#8243; _module_preset=\u00bbdefault\u00bb animation_style=\u00bbslide\u00bb border_radii=\u00bbon|54px|54px|54px|54px\u00bb global_colors_info=\u00bb{}\u00bb][\/et_pb_image][\/et_pb_column][\/et_pb_row][et_pb_row column_structure=\u00bb1_3,2_3&#8243; _builder_version=\u00bb4.18.0&#8243; _module_preset=\u00bbdefault\u00bb global_colors_info=\u00bb{}\u00bb][et_pb_column type=\u00bb1_3&#8243; _builder_version=\u00bb4.18.0&#8243; _module_preset=\u00bbdefault\u00bb global_colors_info=\u00bb{}\u00bb][et_pb_image src=\u00bbhttp:\/\/www.corpomontana.com\/congresocolombianosenderismo\/wp-content\/uploads\/2023\/01\/congreso-senderismo3-1.jpg\u00bb alt=\u00bbcongreso-senderismo\u00bb title_text=\u00bbcongreso-senderismo3&#8243; align=\u00bbcenter\u00bb _builder_version=\u00bb4.18.0&#8243; _module_preset=\u00bbdefault\u00bb animation_style=\u00bbslide\u00bb border_radii=\u00bbon|40px|40px|40px|40px\u00bb global_colors_info=\u00bb{}\u00bb][\/et_pb_image][\/et_pb_column][et_pb_column type=\u00bb2_3&#8243; _builder_version=\u00bb4.18.0&#8243; _module_preset=\u00bbdefault\u00bb global_colors_info=\u00bb{}\u00bb][et_pb_text _builder_version=\u00bb4.18.0&#8243; _module_preset=\u00bbdefault\u00bb text_font_size=\u00bb18px\u00bb animation_style=\u00bbslide\u00bb global_colors_info=\u00bb{}\u00bb]<\/p>\n<p style=\"text-align: justify;\">Programa que tiene como objetivo analizar la situaci\u00f3n actual del senderismo, monta\u00f1ismo y actividades conexas en nuestro pa\u00eds y las oportunidades y tendencias que giran hoy en torno a esta actividad como plataforma para potencializar el turismo de naturaleza y actividades alternas de deporte y recreaci\u00f3n, a trav\u00e9s de una nutrida agenda acad\u00e9mica los dos primeros d\u00edas y ejercicio en campo en su \u00faltimo d\u00eda.<\/p>\n<p style=\"text-align: justify;\"><strong>Lugar<\/strong>: Auditorio Jorge R\u00f3a Mart\u00ednez<br \/>Universidad Tecnol\u00f3gica de Pereira<br \/>Valor: $100.000<\/p>\n<p style=\"text-align: justify;\"><strong>Incluye<\/strong>: Agenda acad\u00e9mica, memorias, certificado de asistencia, refrigerios, escarapela y Feria Expomonta\u00f1a Colombia 2023 y participaci\u00f3n en gran rifa de equipo de comunicaciones.<\/p>\n<p>[\/et_pb_text][\/et_pb_column][\/et_pb_row][\/et_pb_section][et_pb_section fb_built=\u00bb1&#8243; _builder_version=\u00bb4.18.0&#8243; _module_preset=\u00bbdefault\u00bb global_colors_info=\u00bb{}\u00bb][et_pb_row _builder_version=\u00bb4.18.0&#8243; _module_preset=\u00bbdefault\u00bb global_colors_info=\u00bb{}\u00bb][et_pb_column type=\u00bb4_4&#8243; _builder_version=\u00bb4.18.0&#8243; _module_preset=\u00bbdefault\u00bb global_colors_info=\u00bb{}\u00bb][et_pb_countdown_timer title=\u00bbFalta muy poco para este gran congreso de senderismo y monta\u00f1a\u00bb date_time=\u00bb2023-03-16 00:00&#8243; _builder_version=\u00bb4.18.0&#8243; _module_preset=\u00bbdefault\u00bb background_color=\u00bb#7CDA24&#8243; animation_style=\u00bbfade\u00bb border_radii=\u00bbon|29px|29px|29px|29px\u00bb global_colors_info=\u00bb{}\u00bb][\/et_pb_countdown_timer][\/et_pb_column][\/et_pb_row][et_pb_row _builder_version=\u00bb4.18.0&#8243; _module_preset=\u00bbdefault\u00bb global_colors_info=\u00bb{}\u00bb][et_pb_column type=\u00bb4_4&#8243; _builder_version=\u00bb4.18.0&#8243; _module_preset=\u00bbdefault\u00bb global_colors_info=\u00bb{}\u00bb][et_pb_button button_url=\u00bbhttps:\/\/forms.gle\/3TPjTwvSLjmbpzDA8&#8243; url_new_window=\u00bbon\u00bb button_text=\u00bbInscr\u00edbete Aqu\u00ed\u00bb button_alignment=\u00bbcenter\u00bb _builder_version=\u00bb4.18.0&#8243; _module_preset=\u00bbdefault\u00bb global_colors_info=\u00bb{}\u00bb][\/et_pb_button][\/et_pb_column][\/et_pb_row][et_pb_row column_structure=\u00bb1_4,1_4,1_4,1_4&#8243; _builder_version=\u00bb4.18.0&#8243; _module_preset=\u00bbdefault\u00bb global_colors_info=\u00bb{}\u00bb][et_pb_column type=\u00bb1_4&#8243; _builder_version=\u00bb4.18.0&#8243; _module_preset=\u00bbdefault\u00bb global_colors_info=\u00bb{}\u00bb][et_pb_image src=\u00bbhttp:\/\/www.corpomontana.com\/congresocolombianosenderismo\/wp-content\/uploads\/2023\/01\/organizadores-17-1.jpg\u00bb title_text=\u00bborganizadores-17&#8243; align=\u00bbcenter\u00bb _builder_version=\u00bb4.19.4&#8243; _module_preset=\u00bbdefault\u00bb animation_style=\u00bbfade\u00bb global_colors_info=\u00bb{}\u00bb][\/et_pb_image][\/et_pb_column][et_pb_column type=\u00bb1_4&#8243; _builder_version=\u00bb4.18.0&#8243; _module_preset=\u00bbdefault\u00bb global_colors_info=\u00bb{}\u00bb][et_pb_image src=\u00bbhttp:\/\/www.corpomontana.com\/congresocolombianosenderismo\/wp-content\/uploads\/2023\/01\/organizadores-16.jpg\u00bb alt=\u00bbliga de monta\u00f1istas\u00bb title_text=\u00bborganizadores-16&#8243; align=\u00bbcenter\u00bb _builder_version=\u00bb4.19.4&#8243; _module_preset=\u00bbdefault\u00bb animation_style=\u00bbfade\u00bb global_colors_info=\u00bb{}\u00bb][\/et_pb_image][\/et_pb_column][et_pb_column type=\u00bb1_4&#8243; _builder_version=\u00bb4.18.0&#8243; _module_preset=\u00bbdefault\u00bb global_colors_info=\u00bb{}\u00bb][et_pb_image src=\u00bbhttp:\/\/www.corpomontana.com\/congresocolombianosenderismo\/wp-content\/uploads\/2023\/01\/organizadores-15.jpg\u00bb alt=\u00bbcolombian adventure\u00bb title_text=\u00bborganizadores-15&#8243; align=\u00bbcenter\u00bb _builder_version=\u00bb4.19.4&#8243; _module_preset=\u00bbdefault\u00bb animation_style=\u00bbfade\u00bb global_colors_info=\u00bb{}\u00bb][\/et_pb_image][\/et_pb_column][et_pb_column type=\u00bb1_4&#8243; _builder_version=\u00bb4.18.0&#8243; _module_preset=\u00bbdefault\u00bb global_colors_info=\u00bb{}\u00bb][et_pb_image src=\u00bbhttp:\/\/www.corpomontana.com\/congresocolombianosenderismo\/wp-content\/uploads\/2023\/01\/cotelco.jpg\u00bb alt=\u00bbcotelco-capitulo-risaralda\u00bb title_text=\u00bbcotelco-capitulo-risaralda\u00bb _builder_version=\u00bb4.19.4&#8243; _module_preset=\u00bbdefault\u00bb width=\u00bb66%\u00bb animation_style=\u00bbfade\u00bb global_colors_info=\u00bb{}\u00bb][\/et_pb_image][\/et_pb_column][\/et_pb_row][et_pb_row column_structure=\u00bb1_4,1_4,1_4,1_4&#8243; _builder_version=\u00bb4.18.0&#8243; _module_preset=\u00bbdefault\u00bb global_colors_info=\u00bb{}\u00bb][et_pb_column type=\u00bb1_4&#8243; _builder_version=\u00bb4.18.0&#8243; _module_preset=\u00bbdefault\u00bb global_colors_info=\u00bb{}\u00bb][et_pb_image src=\u00bbhttp:\/\/www.corpomontana.com\/congresocolombianosenderismo\/wp-content\/uploads\/2023\/02\/decathlon.jpg\u00bb alt=\u00bbdecathlon\u00bb title_text=\u00bbdecathlon\u00bb _builder_version=\u00bb4.19.4&#8243; _module_preset=\u00bbdefault\u00bb global_colors_info=\u00bb{}\u00bb][\/et_pb_image][\/et_pb_column][et_pb_column type=\u00bb1_4&#8243; _builder_version=\u00bb4.18.0&#8243; _module_preset=\u00bbdefault\u00bb global_colors_info=\u00bb{}\u00bb][et_pb_image src=\u00bbhttp:\/\/www.corpomontana.com\/congresocolombianosenderismo\/wp-content\/uploads\/2023\/01\/utp-facultad.jpg\u00bb alt=\u00bbutp\u00bb title_text=\u00bbutp-facultad\u00bb align=\u00bbcenter\u00bb _builder_version=\u00bb4.19.4&#8243; _module_preset=\u00bbdefault\u00bb width=\u00bb55%\u00bb animation_style=\u00bbfade\u00bb global_colors_info=\u00bb{}\u00bb][\/et_pb_image][\/et_pb_column][et_pb_column type=\u00bb1_4&#8243; _builder_version=\u00bb4.18.0&#8243; _module_preset=\u00bbdefault\u00bb global_colors_info=\u00bb{}\u00bb][et_pb_image src=\u00bbhttp:\/\/www.corpomontana.com\/congresocolombianosenderismo\/wp-content\/uploads\/2023\/01\/WhatsApp-Image-2023-01-19-at-7.00.44-AM.jpeg\u00bb title_text=\u00bbWhatsApp Image 2023-01-19 at 7.00.44 AM\u00bb align=\u00bbcenter\u00bb _builder_version=\u00bb4.19.4&#8243; _module_preset=\u00bbdefault\u00bb width=\u00bb66%\u00bb animation_style=\u00bbfade\u00bb global_colors_info=\u00bb{}\u00bb][\/et_pb_image][\/et_pb_column][et_pb_column type=\u00bb1_4&#8243; _builder_version=\u00bb4.18.0&#8243; _module_preset=\u00bbdefault\u00bb global_colors_info=\u00bb{}\u00bb][et_pb_image src=\u00bbhttp:\/\/www.corpomontana.com\/congresocolombianosenderismo\/wp-content\/uploads\/2023\/02\/logo-gallito-de-las-rocas-1.jpg\u00bb alt=\u00bbgallito de las rocas\u00bb title_text=\u00bblogo-gallito-de-las-rocas-1&#8243; _builder_version=\u00bb4.19.4&#8243; _module_preset=\u00bbdefault\u00bb width=\u00bb82%\u00bb global_colors_info=\u00bb{}\u00bb][\/et_pb_image][\/et_pb_column][\/et_pb_row][et_pb_row column_structure=\u00bb1_4,1_4,1_4,1_4&#8243; _builder_version=\u00bb4.18.0&#8243; _module_preset=\u00bbdefault\u00bb global_colors_info=\u00bb{}\u00bb][et_pb_column type=\u00bb1_4&#8243; _builder_version=\u00bb4.18.0&#8243; _module_preset=\u00bbdefault\u00bb global_colors_info=\u00bb{}\u00bb][et_pb_image src=\u00bbhttp:\/\/www.corpomontana.com\/congresocolombianosenderismo\/wp-content\/uploads\/2023\/02\/risaralda-un-destino-lleno-de-vida..jpg\u00bb alt=\u00bbrisaralda un destino lleno de vida\u00bb title_text=\u00bbrisaralda un destino lleno de vida.\u00bb align=\u00bbcenter\u00bb _builder_version=\u00bb4.19.4&#8243; _module_preset=\u00bbdefault\u00bb width=\u00bb100%\u00bb custom_padding=\u00bb27px||||false|false\u00bb animation_style=\u00bbfade\u00bb global_colors_info=\u00bb{}\u00bb][\/et_pb_image][\/et_pb_column][et_pb_column type=\u00bb1_4&#8243; _builder_version=\u00bb4.18.0&#8243; _module_preset=\u00bbdefault\u00bb global_colors_info=\u00bb{}\u00bb][et_pb_image src=\u00bbhttp:\/\/www.corpomontana.com\/congresocolombianosenderismo\/wp-content\/uploads\/2023\/02\/Logo-Gobern-01.jpg\u00bb alt=\u00bbgobernacion de risaralda\u00bb title_text=\u00bbLogo-Gobern-01&#8243; align=\u00bbcenter\u00bb _builder_version=\u00bb4.19.4&#8243; _module_preset=\u00bbdefault\u00bb width=\u00bb87%\u00bb animation_style=\u00bbfade\u00bb global_colors_info=\u00bb{}\u00bb][\/et_pb_image][\/et_pb_column][et_pb_column type=\u00bb1_4&#8243; _builder_version=\u00bb4.18.0&#8243; _module_preset=\u00bbdefault\u00bb global_colors_info=\u00bb{}\u00bb][et_pb_image src=\u00bbhttp:\/\/www.corpomontana.com\/congresocolombianosenderismo\/wp-content\/uploads\/2023\/02\/Gobierno-de-la-Ciudad-MAS-COMPETITIVIDAD-1.jpg\u00bb alt=\u00bbmas competitividad\u00bb title_text=\u00bbGobierno-de-la-Ciudad&#8212;MAS-COMPETITIVIDAD-1&#8243; align=\u00bbcenter\u00bb _builder_version=\u00bb4.19.4&#8243; _module_preset=\u00bbdefault\u00bb width=\u00bb127%\u00bb custom_margin=\u00bb25px||||false|false\u00bb global_colors_info=\u00bb{}\u00bb][\/et_pb_image][\/et_pb_column][et_pb_column type=\u00bb1_4&#8243; _builder_version=\u00bb4.18.0&#8243; _module_preset=\u00bbdefault\u00bb global_colors_info=\u00bb{}\u00bb][et_pb_image src=\u00bbhttp:\/\/www.corpomontana.com\/congresocolombianosenderismo\/wp-content\/uploads\/2023\/02\/alcaldia-de-belen.jpg\u00bb alt=\u00bbalcaldia-belen\u00bb title_text=\u00bbalcaldia-de-belen\u00bb align=\u00bbcenter\u00bb _builder_version=\u00bb4.19.4&#8243; _module_preset=\u00bbdefault\u00bb width=\u00bb63%\u00bb global_colors_info=\u00bb{}\u00bb][\/et_pb_image][\/et_pb_column][\/et_pb_row][et_pb_row column_structure=\u00bb1_4,1_4,1_4,1_4&#8243; _builder_version=\u00bb4.18.0&#8243; _module_preset=\u00bbdefault\u00bb global_colors_info=\u00bb{}\u00bb][et_pb_column type=\u00bb1_4&#8243; _builder_version=\u00bb4.18.0&#8243; _module_preset=\u00bbdefault\u00bb global_colors_info=\u00bb{}\u00bb][et_pb_image src=\u00bbhttp:\/\/www.corpomontana.com\/congresocolombianosenderismo\/wp-content\/uploads\/2023\/02\/jardin-botanico.jpg\u00bb alt=\u00bbjardin-botanico\u00bb title_text=\u00bbjardin-botanico\u00bb _builder_version=\u00bb4.19.4&#8243; _module_preset=\u00bbdefault\u00bb width=\u00bb38%\u00bb global_colors_info=\u00bb{}\u00bb][\/et_pb_image][\/et_pb_column][et_pb_column type=\u00bb1_4&#8243; _builder_version=\u00bb4.18.0&#8243; _module_preset=\u00bbdefault\u00bb global_colors_info=\u00bb{}\u00bb][et_pb_image src=\u00bbhttp:\/\/www.corpomontana.com\/congresocolombianosenderismo\/wp-content\/uploads\/2023\/02\/WhatsApp-Image-2023-02-17-at-7.00.14-AM.jpeg\u00bb alt=\u00bbbull green\u00bb title_text=\u00bbWhatsApp Image 2023-02-17 at 7.00.14 AM\u00bb _builder_version=\u00bb4.19.4&#8243; _module_preset=\u00bbdefault\u00bb width=\u00bb59%\u00bb global_colors_info=\u00bb{}\u00bb][\/et_pb_image][\/et_pb_column][et_pb_column type=\u00bb1_4&#8243; _builder_version=\u00bb4.18.0&#8243; _module_preset=\u00bbdefault\u00bb global_colors_info=\u00bb{}\u00bb][et_pb_image src=\u00bbhttp:\/\/www.corpomontana.com\/congresocolombianosenderismo\/wp-content\/uploads\/2023\/02\/santo-tomas.png\u00bb alt=\u00bbuniversidad santo tomas\u00bb title_text=\u00bbsanto-tomas\u00bb _builder_version=\u00bb4.19.4&#8243; _module_preset=\u00bbdefault\u00bb width=\u00bb57%\u00bb global_colors_info=\u00bb{}\u00bb][\/et_pb_image][\/et_pb_column][et_pb_column type=\u00bb1_4&#8243; _builder_version=\u00bb4.18.0&#8243; _module_preset=\u00bbdefault\u00bb global_colors_info=\u00bb{}\u00bb][et_pb_image src=\u00bbhttp:\/\/www.corpomontana.com\/congresocolombianosenderismo\/wp-content\/uploads\/2023\/03\/chec.jpg\u00bb alt=\u00bbchec\u00bb title_text=\u00bbchec\u00bb _builder_version=\u00bb4.20.0&#8243; _module_preset=\u00bbdefault\u00bb width=\u00bb78%\u00bb global_colors_info=\u00bb{}\u00bb][\/et_pb_image][\/et_pb_column][\/et_pb_row][et_pb_row column_structure=\u00bb1_4,1_4,1_4,1_4&#8243; _builder_version=\u00bb4.18.0&#8243; _module_preset=\u00bbdefault\u00bb global_colors_info=\u00bb{}\u00bb][et_pb_column type=\u00bb1_4&#8243; _builder_version=\u00bb4.18.0&#8243; _module_preset=\u00bbdefault\u00bb global_colors_info=\u00bb{}\u00bb][et_pb_image src=\u00bbhttp:\/\/www.corpomontana.com\/congresocolombianosenderismo\/wp-content\/uploads\/2023\/03\/comfamiliar.jpg\u00bb _builder_version=\u00bb4.20.0&#8243; _module_preset=\u00bbdefault\u00bb title_text=\u00bbcomfamiliar\u00bb align=\u00bbcenter\u00bb width=\u00bb95%\u00bb hover_enabled=\u00bb0&#8243; sticky_enabled=\u00bb0&#8243;][\/et_pb_image][\/et_pb_column][et_pb_column type=\u00bb1_4&#8243; _builder_version=\u00bb4.18.0&#8243; _module_preset=\u00bbdefault\u00bb global_colors_info=\u00bb{}\u00bb][et_pb_image src=\u00bbhttp:\/\/www.corpomontana.com\/congresocolombianosenderismo\/wp-content\/uploads\/2023\/03\/desitnocafe.jpg\u00bb alt=\u00bbdestino cafe\u00bb title_text=\u00bbdesitnocafe\u00bb align=\u00bbcenter\u00bb _builder_version=\u00bb4.20.0&#8243; _module_preset=\u00bbdefault\u00bb width=\u00bb57%\u00bb global_colors_info=\u00bb{}\u00bb][\/et_pb_image][\/et_pb_column][et_pb_column type=\u00bb1_4&#8243; _builder_version=\u00bb4.18.0&#8243; _module_preset=\u00bbdefault\u00bb global_colors_info=\u00bb{}\u00bb][et_pb_image src=\u00bbhttp:\/\/www.corpomontana.com\/congresocolombianosenderismo\/wp-content\/uploads\/2023\/03\/marca-4.jpg\u00bb alt=\u00bbInquietamente Creativos\u00bb title_text=\u00bbInquietamente Creativos\u00bb url=\u00bbhttps:\/\/www.inquietamentecreativos.com\/\u00bb url_new_window=\u00bbon\u00bb align=\u00bbcenter\u00bb _builder_version=\u00bb4.20.0&#8243; _module_preset=\u00bbdefault\u00bb animation_style=\u00bbbounce\u00bb animation_duration=\u00bb1550ms\u00bb animation_delay=\u00bb350ms\u00bb global_colors_info=\u00bb{}\u00bb][\/et_pb_image][\/et_pb_column][et_pb_column type=\u00bb1_4&#8243; _builder_version=\u00bb4.18.0&#8243; _module_preset=\u00bbdefault\u00bb global_colors_info=\u00bb{}\u00bb][et_pb_image src=\u00bbhttp:\/\/www.corpomontana.com\/congresocolombianosenderismo\/wp-content\/uploads\/2023\/03\/carder.png\u00bb alt=\u00bbcarder\u00bb title_text=\u00bbcarder\u00bb align=\u00bbcenter\u00bb _builder_version=\u00bb4.20.0&#8243; _module_preset=\u00bbdefault\u00bb width=\u00bb35%\u00bb global_colors_info=\u00bb{}\u00bb][\/et_pb_image][\/et_pb_column][\/et_pb_row][\/et_pb_section][et_pb_section fb_built=\u00bb1&#8243; _builder_version=\u00bb4.19.4&#8243; _module_preset=\u00bbdefault\u00bb use_background_color_gradient=\u00bbon\u00bb background_color_gradient_stops=\u00bbrgba(216,216,216,0.29) 33%|#21a032 100%\u00bb global_colors_info=\u00bb{}\u00bb][et_pb_row column_structure=\u00bb1_3,1_3,1_3&#8243; _builder_version=\u00bb4.19.4&#8243; _module_preset=\u00bbdefault\u00bb global_colors_info=\u00bb{}\u00bb][et_pb_column type=\u00bb1_3&#8243; _builder_version=\u00bb4.19.4&#8243; _module_preset=\u00bbdefault\u00bb global_colors_info=\u00bb{}\u00bb][et_pb_icon font_icon=\u00bb&#xf07a;||fa||900&#8243; _builder_version=\u00bb4.19.4&#8243; _module_preset=\u00bbdefault\u00bb animation_style=\u00bbbounce\u00bb global_colors_info=\u00bb{}\u00bb][\/et_pb_icon][\/et_pb_column][et_pb_column type=\u00bb1_3&#8243; _builder_version=\u00bb4.19.4&#8243; _module_preset=\u00bbdefault\u00bb global_colors_info=\u00bb{}\u00bb][et_pb_text _builder_version=\u00bb4.19.4&#8243; _module_preset=\u00bbdefault\u00bb animation_style=\u00bbbounce\u00bb global_colors_info=\u00bb{}\u00bb]<\/p>\n<p><span style=\"color: #008000;\"><strong>PAGA SEGURO<\/strong><\/span><br \/>A trav\u00e9s de nuestra cuenta Corporativa CORPOMONTA\u00d1A Convenio Bancolombia<br \/><span style=\"color: #008000;\"><strong><img loading=\"lazy\" decoding=\"async\" src=\"http:\/\/www.corpomontana.com\/congresocolombianosenderismo\/wp-content\/uploads\/2023\/01\/logo-bancolombia.png\" alt=\"\" class=\"wp-image-464 alignnone size-full\" width=\"200\" height=\"65\" \/><\/strong><\/span><\/p>\n<p>[\/et_pb_text][\/et_pb_column][et_pb_column type=\u00bb1_3&#8243; _builder_version=\u00bb4.19.4&#8243; _module_preset=\u00bbdefault\u00bb global_colors_info=\u00bb{}\u00bb][et_pb_accordion open_toggle_background_color=\u00bb#FFFFFF\u00bb _builder_version=\u00bb4.19.4&#8243; _module_preset=\u00bbdefault\u00bb toggle_font=\u00bb|700|||||||\u00bb animation_style=\u00bbbounce\u00bb border_radii=\u00bbon|13px|13px|13px|13px\u00bb global_colors_info=\u00bb{}\u00bb][et_pb_accordion_item title=\u00bbCUENTA AHORROS\u00bb _builder_version=\u00bb4.19.4&#8243; _module_preset=\u00bbdefault\u00bb global_colors_info=\u00bb{}\u00bb open=\u00bbon\u00bb]<\/p>\n<p>721-000034-00<\/p>\n<p>[\/et_pb_accordion_item][et_pb_accordion_item title=\u00bbREPORTE SU PAGO\u00bb open=\u00bboff\u00bb _builder_version=\u00bb4.19.4&#8243; _module_preset=\u00bbdefault\u00bb global_colors_info=\u00bb{}\u00bb]<\/p>\n<p>Una ves efectuado el pago en la cuenta corporativa, favor enviar pantallazo con n\u00famero de c\u00e9dula del participante al Whatsapp 3104611984<\/p>\n<p>[\/et_pb_accordion_item][\/et_pb_accordion][\/et_pb_column][\/et_pb_row][\/et_pb_section]<\/p>\n","protected":false},"excerpt":{"rendered":"<p>I CONGRESO COLOMBIANO DESENDERISMO Y MONTA\u00d1ARISARALDA 2023\u201cLos senderos como territorios de paz\u201dLa Universidad Tecnol\u00f3gica de Pereira, Cotelco Risaralda, la Gobernaci\u00f3n de Risaralda Sentimiento de Todos, en alianza con la Liga Risaraldense de Monta\u00f1ismo y Escalada y la firma Colombian Adventure tienen el gusto de invitarlos a participar en el I Congreso Colombiano de Senderismo y [&hellip;]<\/p>\n","protected":false},"author":1,"featured_media":0,"parent":0,"menu_order":0,"comment_status":"closed","ping_status":"open","template":"","meta":{"_et_pb_use_builder":"on","_et_pb_old_content":"<!-- wp:paragraph -->\n<p>This is an example page. It's different from a blog post because it will stay in one place and will show up in your site navigation (in most themes). Most people start with an About page that introduces them to potential site visitors. It might say something like this:<\/p>\n<!-- \/wp:paragraph -->\n\n<!-- wp:quote -->\n<blockquote class=\"wp-block-quote\"><!-- wp:paragraph -->\n<p>Hi there! I'm a bike messenger by day, aspiring actor by night, and this is my website. I live in Los Angeles, have a great dog named Jack, and I like pi\u00f1a coladas. (And gettin' caught in the rain.)<\/p>\n<!-- \/wp:paragraph --><\/blockquote>\n<!-- \/wp:quote -->\n\n<!-- wp:paragraph -->\n<p>...or something like this:<\/p>\n<!-- \/wp:paragraph -->\n\n<!-- wp:quote -->\n<blockquote class=\"wp-block-quote\"><!-- wp:paragraph -->\n<p>The XYZ Doohickey Company was founded in 1971, and has been providing quality doohickeys to the public ever since. Located in Gotham City, XYZ employs over 2,000 people and does all kinds of awesome things for the Gotham community.<\/p>\n<!-- \/wp:paragraph --><\/blockquote>\n<!-- \/wp:quote -->\n\n<!-- wp:paragraph -->\n<p>As a new WordPress user, you should go to <a href=\"http:\/\/www.corpomontana.com\/congresocolombianosenderismo\/wp-admin\/\">your dashboard<\/a> to delete this page and create new pages for your content. Have fun!<\/p>\n<!-- \/wp:paragraph -->","_et_gb_content_width":"","footnotes":""},"class_list":["post-2","page","type-page","status-publish","hentry"],"_links":{"self":[{"href":"http:\/\/www.corpomontana.com\/congresocolombianosenderismo\/wp-json\/wp\/v2\/pages\/2","targetHints":{"allow":["GET"]}}],"collection":[{"href":"http:\/\/www.corpomontana.com\/congresocolombianosenderismo\/wp-json\/wp\/v2\/pages"}],"about":[{"href":"http:\/\/www.corpomontana.com\/congresocolombianosenderismo\/wp-json\/wp\/v2\/types\/page"}],"author":[{"embeddable":true,"href":"http:\/\/www.corpomontana.com\/congresocolombianosenderismo\/wp-json\/wp\/v2\/users\/1"}],"replies":[{"embeddable":true,"href":"http:\/\/www.corpomontana.com\/congresocolombianosenderismo\/wp-json\/wp\/v2\/comments?post=2"}],"version-history":[{"count":82,"href":"http:\/\/www.corpomontana.com\/congresocolombianosenderismo\/wp-json\/wp\/v2\/pages\/2\/revisions"}],"predecessor-version":[{"id":712,"href":"http:\/\/www.corpomontana.com\/congresocolombianosenderismo\/wp-json\/wp\/v2\/pages\/2\/revisions\/712"}],"wp:attachment":[{"href":"http:\/\/www.corpomontana.com\/congresocolombianosenderismo\/wp-json\/wp\/v2\/media?parent=2"}],"curies":[{"name":"wp","href":"https:\/\/api.w.org\/{rel}","templated":true}]}}